{"id":2910,"date":"2019-02-12T17:06:38","date_gmt":"2019-02-12T17:06:38","guid":{"rendered":"https:\/\/www.alwahotel.com\/?page_id=2910"},"modified":"2019-02-14T05:11:48","modified_gmt":"2019-02-14T05:11:48","slug":"destino-standard","status":"publish","type":"page","link":"https:\/\/www.alwahotel.com\/fr\/destino-standard\/","title":{"rendered":"Destination"},"content":{"rendered":"<p><div class=\"col-md-4\"><img decoding=\"async\" class=\"alignnone wp-image-1341 size-full lazyload\" data-src=\"https:\/\/www.alwahotel.com\/wp-content\/uploads\/2016\/01\/plazadearmas.jpg\" alt=\"\" width=\"630\" height=\"420\" data-srcset=\"https:\/\/www.alwahotel.com\/wp-content\/uploads\/2016\/01\/plazadearmas.jpg 630w, https:\/\/www.alwahotel.com\/wp-content\/uploads\/2016\/01\/plazadearmas-600x400.jpg 600w, https:\/\/www.alwahotel.com\/wp-content\/uploads\/2016\/01\/plazadearmas-300x200.jpg 300w, https:\/\/www.alwahotel.com\/wp-content\/uploads\/2016\/01\/plazadearmas-2x1.jpg 2w\" data-sizes=\"(max-width: 630px) 100vw, 630px\" src=\"data:image\/svg+xml;base64,PHN2ZyB3aWR0aD0iMSIgaGVpZ2h0PSIxIiB4bWxucz0iaHR0cDovL3d3dy53My5vcmcvMjAwMC9zdmciPjwvc3ZnPg==\" style=\"--smush-placeholder-width: 630px; --smush-placeholder-aspect-ratio: 630\/420;\" \/><\/div><\/p>\n<div class=\"col-md-8\"><\/p>\n<h2>PLAZA DE ARMAS DE AREQUIPA<\/h2>\n<p style=\"text-align: justify;\">\u200bLa Plaza de Armas d&rsquo;Arequipa, est l&rsquo;un des principaux espaces publics d&rsquo;Arequipa et le lieu de fondation la ville.<\/p>\n<p style=\"text-align: justify;\">\u200bArequipa Cathedral \u200b\u00e0 \u00e9t\u00e9\u200b construit en moellons (pierre volcanique), avec de voutes en briques; Il est l&rsquo;\u200b\u00e9\u200b gliese principale de la ville qui occupe tout le nord du c\u200b\u00f4te de la Plaza de Armas.<\/p>\n<p><\/div>\n<div class=\"col-md-12\"><div class=\"de_divider div-single\"><span><\/span><\/div><\/div>\n<div class=\"col-md-4\"><img decoding=\"async\" class=\"alignnone wp-image-1340 size-full lazyload\" data-src=\"https:\/\/www.alwahotel.com\/wp-content\/uploads\/2016\/01\/yanahuara.jpg\" alt=\"\" width=\"630\" height=\"420\" data-srcset=\"https:\/\/www.alwahotel.com\/wp-content\/uploads\/2016\/01\/yanahuara.jpg 630w, https:\/\/www.alwahotel.com\/wp-content\/uploads\/2016\/01\/yanahuara-600x400.jpg 600w, https:\/\/www.alwahotel.com\/wp-content\/uploads\/2016\/01\/yanahuara-300x200.jpg 300w, https:\/\/www.alwahotel.com\/wp-content\/uploads\/2016\/01\/yanahuara-2x1.jpg 2w\" data-sizes=\"(max-width: 630px) 100vw, 630px\" src=\"data:image\/svg+xml;base64,PHN2ZyB3aWR0aD0iMSIgaGVpZ2h0PSIxIiB4bWxucz0iaHR0cDovL3d3dy53My5vcmcvMjAwMC9zdmciPjwvc3ZnPg==\" style=\"--smush-placeholder-width: 630px; --smush-placeholder-aspect-ratio: 630\/420;\" \/><\/div>\n<div class=\"col-md-8\"><\/p>\n<h2>BELV\u00c9DERE DE YANAHUARA<\/h2>\n<p style=\"text-align: justify;\">A 2 km du entre de la ville d&rsquo;Arequipa (8 minutes en voiture). Il est construit au XIXe siecle et se compose d&rsquo;une s\u00e9rie d&rsquo;arcs de moellons dans lequel ils ont enregistr\u00e9 mots d&rsquo;lustres arequipe\u00f1os. L&rsquo;endroit a une vue privil\u00e9gi\u00e9e sur la ville et le volcan Misti.<\/p>\n<p><\/div>\n<div class=\"col-md-12\"><div class=\"de_divider div-single\"><span><\/span><\/div><\/div>\n<div class=\"col-md-4\"><img decoding=\"async\" class=\"alignnone wp-image-1342 size-full lazyload\" data-src=\"https:\/\/www.alwahotel.com\/wp-content\/uploads\/2016\/01\/siena.jpg\" alt=\"\" width=\"630\" height=\"420\" data-srcset=\"https:\/\/www.alwahotel.com\/wp-content\/uploads\/2016\/01\/siena.jpg 630w, https:\/\/www.alwahotel.com\/wp-content\/uploads\/2016\/01\/siena-600x400.jpg 600w, https:\/\/www.alwahotel.com\/wp-content\/uploads\/2016\/01\/siena-300x200.jpg 300w, https:\/\/www.alwahotel.com\/wp-content\/uploads\/2016\/01\/siena-2x1.jpg 2w\" data-sizes=\"(max-width: 630px) 100vw, 630px\" src=\"data:image\/svg+xml;base64,PHN2ZyB3aWR0aD0iMSIgaGVpZ2h0PSIxIiB4bWxucz0iaHR0cDovL3d3dy53My5vcmcvMjAwMC9zdmciPjwvc3ZnPg==\" style=\"--smush-placeholder-width: 630px; --smush-placeholder-aspect-ratio: 630\/420;\" \/><\/div>\n<div class=\"col-md-8\"><\/p>\n<h2>COUVENT DE SAINTE CATHERINE DE SIENNE<\/h2>\n<p style=\"text-align: justify;\">Le monastere de Sainte Catherine de Sienne ou couvent de Santa Catalina, une \u200bstation religieuse se trouve dans le centre historique d&rsquo;Arequipa.<\/p>\n<p style=\"text-align: justify;\">A l&rsquo;int\u00e9rieur vouz pouvez voir le cloitre de Souer Ana de los Angeles Monteagudo beata qui a \u00e9t\u00e9 beatifi\u00e9 lors de la visite de Jean-Paul II en 1985 \u00e0 cause de sa vie monastique exemplaire et l&rsquo;attribution de certains miracles.<\/p>\n<p><\/div>\n<div class=\"col-md-12\"><div class=\"de_divider div-single\"><span><\/span><\/div><\/div>\n<div class=\"col-md-4\"><img decoding=\"async\" class=\"alignnone wp-image-1337 size-full lazyload\" data-src=\"https:\/\/www.alwahotel.com\/wp-content\/uploads\/2016\/01\/puentegrau.jpg\" alt=\"\" width=\"630\" height=\"420\" data-srcset=\"https:\/\/www.alwahotel.com\/wp-content\/uploads\/2016\/01\/puentegrau.jpg 630w, https:\/\/www.alwahotel.com\/wp-content\/uploads\/2016\/01\/puentegrau-600x400.jpg 600w, https:\/\/www.alwahotel.com\/wp-content\/uploads\/2016\/01\/puentegrau-300x200.jpg 300w, https:\/\/www.alwahotel.com\/wp-content\/uploads\/2016\/01\/puentegrau-2x1.jpg 2w\" data-sizes=\"(max-width: 630px) 100vw, 630px\" src=\"data:image\/svg+xml;base64,PHN2ZyB3aWR0aD0iMSIgaGVpZ2h0PSIxIiB4bWxucz0iaHR0cDovL3d3dy53My5vcmcvMjAwMC9zdmciPjwvc3ZnPg==\" style=\"--smush-placeholder-width: 630px; --smush-placeholder-aspect-ratio: 630\/420;\" \/><\/div>\n<div class=\"col-md-8\"><\/p>\n<h2>PONT GRAU<\/h2>\n<p style=\"text-align: justify;\">\u200bEst un pont situ\u00e9 dans la ville d&rsquo;Arequipa et traverse la riviere Chili.<\/p>\n<p style=\"text-align: justify;\">Le pont a \u00e9t\u00e9 construit en 1884 par l&rsquo;architecte Juan Rodr\u00edguez et Manuel H. Prado.<\/p>\n<p style=\"text-align: justify;\">Du pont, vouz pouvez voir un paysage magnifique, avec vue sur le volcan Misti. A gauche de la rivi\u00e8re se d\u00e9roule dans un splendide panorama.<\/p>\n<p><\/div>\n<div class=\"col-md-12\"><div class=\"de_divider div-single\"><span><\/span><\/div><\/div>\n<div class=\"col-md-4\"><img decoding=\"async\" class=\"alignnone wp-image-1336 size-full lazyload\" data-src=\"https:\/\/www.alwahotel.com\/wp-content\/uploads\/2016\/01\/puentedefierro.jpg\" alt=\"\" width=\"630\" height=\"420\" data-srcset=\"https:\/\/www.alwahotel.com\/wp-content\/uploads\/2016\/01\/puentedefierro.jpg 630w, https:\/\/www.alwahotel.com\/wp-content\/uploads\/2016\/01\/puentedefierro-600x400.jpg 600w, https:\/\/www.alwahotel.com\/wp-content\/uploads\/2016\/01\/puentedefierro-300x200.jpg 300w, https:\/\/www.alwahotel.com\/wp-content\/uploads\/2016\/01\/puentedefierro-2x1.jpg 2w\" data-sizes=\"(max-width: 630px) 100vw, 630px\" src=\"data:image\/svg+xml;base64,PHN2ZyB3aWR0aD0iMSIgaGVpZ2h0PSIxIiB4bWxucz0iaHR0cDovL3d3dy53My5vcmcvMjAwMC9zdmciPjwvc3ZnPg==\" style=\"--smush-placeholder-width: 630px; --smush-placeholder-aspect-ratio: 630\/420;\" \/><\/div>\n<div class=\"col-md-8\"><\/p>\n<h2>PUENTE DE FIERRO<\/h2>\n<p style=\"text-align: justify;\">Pont de Fer ou Bolivar passe au-dessus de la riviere Chili et relie le quartier Sachaca de la zone de Vallecito. Sa construction est due a la constrution du r\u00e9seau ferroviaire du sud (1868 &#8211; 1908).<\/p>\n<p style=\"text-align: justify;\">La construction de ses pieces appartiennent \u00e0 l&rsquo;ing\u00e9nieur francais Gustave Eiffel, celebre pour la Tour Eiffel a Paris.<\/p>\n<p><\/div>\n<div class=\"col-md-12\"><div class=\"de_divider div-single\"><span><\/span><\/div><\/div>\n<div class=\"col-md-4\"><img decoding=\"async\" class=\"alignnone wp-image-1338 size-full lazyload\" data-src=\"https:\/\/www.alwahotel.com\/wp-content\/uploads\/2016\/01\/barriosanlazaro.jpg\" alt=\"\" width=\"630\" height=\"420\" data-srcset=\"https:\/\/www.alwahotel.com\/wp-content\/uploads\/2016\/01\/barriosanlazaro.jpg 630w, https:\/\/www.alwahotel.com\/wp-content\/uploads\/2016\/01\/barriosanlazaro-600x400.jpg 600w, https:\/\/www.alwahotel.com\/wp-content\/uploads\/2016\/01\/barriosanlazaro-300x200.jpg 300w, https:\/\/www.alwahotel.com\/wp-content\/uploads\/2016\/01\/barriosanlazaro-2x1.jpg 2w\" data-sizes=\"(max-width: 630px) 100vw, 630px\" src=\"data:image\/svg+xml;base64,PHN2ZyB3aWR0aD0iMSIgaGVpZ2h0PSIxIiB4bWxucz0iaHR0cDovL3d3dy53My5vcmcvMjAwMC9zdmciPjwvc3ZnPg==\" style=\"--smush-placeholder-width: 630px; --smush-placeholder-aspect-ratio: 630\/420;\" \/><\/div>\n<div class=\"col-md-8\"><\/p>\n<h2>QUARTIER DE SAN L\u00c1ZARO<\/h2>\n<p style=\"text-align: justify;\">\u200bCette veille rue est situ\u00e9 \u00e0 trois minutes de la Plaza de Armas d&rsquo;Arequipa. Il est quartier le plus repr\u00e9sentatif et vieux de la ville blanche.<\/p>\n<p style=\"text-align: justify;\">Dan ce lieu le pretres dominicains ont \u00e9t\u00e9 \u00e9tablis en 1538, la construction d&rsquo;une chapelle pour l&rsquo;evang\u00e9lisation des indigenes et pr\u00e9parer le terrain pour fonder une nouvelle ville espagnole. Il y a un petit pont qui relie l&rsquo;eglise de Saint-Lazare et de sa place avec le reste du quartier.<\/p>\n<p><\/div>\n<div class=\"col-md-12\"><div class=\"de_divider div-single\"><span><\/span><\/div><\/div>\n<div class=\"col-md-4\"><img decoding=\"async\" class=\"alignnone wp-image-1334 size-full lazyload\" data-src=\"https:\/\/www.alwahotel.com\/wp-content\/uploads\/2016\/01\/bibliotecamvll.jpg\" alt=\"\" width=\"630\" height=\"420\" data-srcset=\"https:\/\/www.alwahotel.com\/wp-content\/uploads\/2016\/01\/bibliotecamvll.jpg 630w, https:\/\/www.alwahotel.com\/wp-content\/uploads\/2016\/01\/bibliotecamvll-600x400.jpg 600w, https:\/\/www.alwahotel.com\/wp-content\/uploads\/2016\/01\/bibliotecamvll-300x200.jpg 300w, https:\/\/www.alwahotel.com\/wp-content\/uploads\/2016\/01\/bibliotecamvll-2x1.jpg 2w\" data-sizes=\"(max-width: 630px) 100vw, 630px\" src=\"data:image\/svg+xml;base64,PHN2ZyB3aWR0aD0iMSIgaGVpZ2h0PSIxIiB4bWxucz0iaHR0cDovL3d3dy53My5vcmcvMjAwMC9zdmciPjwvc3ZnPg==\" style=\"--smush-placeholder-width: 630px; --smush-placeholder-aspect-ratio: 630\/420;\" \/><\/div>\n<div class=\"col-md-8\"><\/p>\n<h2>BIBLIOTHEQUE MARIO VARGAS LLOSA<\/h2>\n<p style=\"text-align: justify;\">Il \u00e0 \u00e9t\u00e9 inaugur\u00e9 le 22 de Mars 2011 a l&rsquo;initiative du Docteur Juan Manuel Guill\u00e9n, pr\u00e9sident du gouverment r\u00e9gional d&rsquo;Arequipa, avec la pr\u00e9sence du \u00e9crivain Mario Vargas Llosa, Prix Nobel de litt\u00e9rature 2010.<\/p>\n<p style=\"text-align: justify;\">Il est un endroit ou vouz trouverez le travail de Mario Vargas Llosa comme des auteurs diff\u00e9rents.<\/p>\n<p><\/div>\n<div class=\"col-md-12\"><div class=\"de_divider div-single\"><span><\/span><\/div><\/div>\n<div class=\"col-md-4\"><img decoding=\"async\" class=\"alignnone wp-image-1343 size-full lazyload\" data-src=\"https:\/\/www.alwahotel.com\/wp-content\/uploads\/2016\/01\/colca.jpg\" alt=\"\" width=\"630\" height=\"420\" data-srcset=\"https:\/\/www.alwahotel.com\/wp-content\/uploads\/2016\/01\/colca.jpg 630w, https:\/\/www.alwahotel.com\/wp-content\/uploads\/2016\/01\/colca-600x400.jpg 600w, https:\/\/www.alwahotel.com\/wp-content\/uploads\/2016\/01\/colca-300x200.jpg 300w, https:\/\/www.alwahotel.com\/wp-content\/uploads\/2016\/01\/colca-2x1.jpg 2w\" data-sizes=\"(max-width: 630px) 100vw, 630px\" src=\"data:image\/svg+xml;base64,PHN2ZyB3aWR0aD0iMSIgaGVpZ2h0PSIxIiB4bWxucz0iaHR0cDovL3d3dy53My5vcmcvMjAwMC9zdmciPjwvc3ZnPg==\" style=\"--smush-placeholder-width: 630px; --smush-placeholder-aspect-ratio: 630\/420;\" \/><\/div>\n<div class=\"col-md-8\"><\/p>\n<h2>COLCA CANYON<\/h2>\n<p style=\"text-align: justify;\">Colca Canyon est situ\u00e9 \u00e0 l&rsquo;extremit\u00e9 nord-est de la r\u00e9gion d&rsquo;Arequipa, province Caylloma, \u00e0 165 kilometres d&rsquo;Arequipa et \u00e0 40 km du capital principal Chivay.<\/p>\n<p style=\"text-align: justify;\">Le point culminant de la vall\u00e9e est le volcan Ampato (6,228 metres). La vall\u00e9e du Colca a une longueur de 100 km et occupe seulement un secteur du bassin de la riviere Colca. La route vers le Colca court le volcan Chachani et traverse les plaines remplies de ichu -vegetacion du endroit-, des \u00e9chantillons de la v\u00e9g\u00e9tation andins. Alpagas et vizcachas vivent dans ces lieux, qui sont belles chameau propre r\u00e9gion.<\/p>\n<p><\/div>\n<div class=\"col-md-12\"><div class=\"de_divider div-single\"><span><\/span><\/div><\/div>\n<div class=\"col-md-4\"><img decoding=\"async\" class=\"alignnone wp-image-1335 size-full lazyload\" data-src=\"https:\/\/www.alwahotel.com\/wp-content\/uploads\/2016\/01\/museosantuarios.jpg\" alt=\"\" width=\"630\" height=\"420\" data-srcset=\"https:\/\/www.alwahotel.com\/wp-content\/uploads\/2016\/01\/museosantuarios.jpg 630w, https:\/\/www.alwahotel.com\/wp-content\/uploads\/2016\/01\/museosantuarios-600x400.jpg 600w, https:\/\/www.alwahotel.com\/wp-content\/uploads\/2016\/01\/museosantuarios-300x200.jpg 300w, https:\/\/www.alwahotel.com\/wp-content\/uploads\/2016\/01\/museosantuarios-2x1.jpg 2w\" data-sizes=\"(max-width: 630px) 100vw, 630px\" src=\"data:image\/svg+xml;base64,PHN2ZyB3aWR0aD0iMSIgaGVpZ2h0PSIxIiB4bWxucz0iaHR0cDovL3d3dy53My5vcmcvMjAwMC9zdmciPjwvc3ZnPg==\" style=\"--smush-placeholder-width: 630px; --smush-placeholder-aspect-ratio: 630\/420;\" \/><\/div>\n<div class=\"col-md-8\"><\/p>\n<h2>LES SANCTUAIRES MUS\u00c9E DES ANDES<\/h2>\n<p style=\"text-align: justify;\">Il \u00e0 \u00e9te cr\u00e9\u00e9 en 1996, suite a une importante recherche arch\u00e9ologique men\u00e9e par le projet \u00ab\u00a0Santuarios de Altura del Sur Andino\u00a0\u00bb dirig\u00e9 par le Dr. Johan Reinhard et Jos\u00e9 Antonio Ch\u00e1vez.<\/p>\n<p style=\"text-align: justify;\">Le mus\u00e9e abrite le sanctuaries corps congel\u00e9 de Juanita momie et divers \u00e9l\u00e9ments. Il est concu pour devenir un instuit de recherche scientifique et de projection sociale.<\/p>\n<p><\/div>\n<div class=\"col-md-12\"><div class=\"de_divider div-single\"><span><\/span><\/div><\/div>\n<div class=\"col-md-4\"><img decoding=\"async\" class=\"alignnone wp-image-1344 size-full lazyload\" data-src=\"https:\/\/www.alwahotel.com\/wp-content\/uploads\/2016\/01\/cotahuasi.jpg\" alt=\"\" width=\"630\" height=\"420\" data-srcset=\"https:\/\/www.alwahotel.com\/wp-content\/uploads\/2016\/01\/cotahuasi.jpg 630w, https:\/\/www.alwahotel.com\/wp-content\/uploads\/2016\/01\/cotahuasi-600x400.jpg 600w, https:\/\/www.alwahotel.com\/wp-content\/uploads\/2016\/01\/cotahuasi-300x200.jpg 300w, https:\/\/www.alwahotel.com\/wp-content\/uploads\/2016\/01\/cotahuasi-2x1.jpg 2w\" data-sizes=\"(max-width: 630px) 100vw, 630px\" src=\"data:image\/svg+xml;base64,PHN2ZyB3aWR0aD0iMSIgaGVpZ2h0PSIxIiB4bWxucz0iaHR0cDovL3d3dy53My5vcmcvMjAwMC9zdmciPjwvc3ZnPg==\" style=\"--smush-placeholder-width: 630px; --smush-placeholder-aspect-ratio: 630\/420;\" \/><\/div>\n<div class=\"col-md-8\">\n<h2>COTAHUASI CANYON<\/h2>\n<p style=\"text-align: justify;\">Cotahuasi Canyon appel\u00e9 \u00ab\u00a0The Canyon Wonderland\u00a0\u00bb ou Cotahuasi sous-bassin est situ\u00e9 \u00e0 environ 400 km au nord-ouest de la ville d&rsquo;Arequipa, Perou.<\/p>\n<p style=\"text-align: justify;\">Il est le plus profond d&rsquo;Amerique (5,535 metres de profondeur); sa mesure \u00e0 \u00e9t\u00e9 faite en 1995 par les membres de l\u00b4Association \u00e0 but non lucratif \u00ab\u00a0Nanin Runas Perou\u00a0\u00bb et \u00e0 son tour par les \u00e9tudiants de la Facult\u00e9 de g\u00e9nie g\u00e9ographique et environnementale \u00e0 l&rsquo;Universidad Nacional Federico Villarreal, \u00e9tant de 335 m\u00e8tres, le plus profond du monde.<\/p>\n<p><\/div><\/p>","protected":false},"excerpt":{"rendered":"","protected":false},"author":1,"featured_media":0,"parent":0,"menu_order":0,"comment_status":"closed","ping_status":"closed","template":"","meta":{"_acf_changed":false,"footnotes":""},"class_list":["post-2910","page","type-page","status-publish","hentry"],"acf":[],"yoast_head":"<!-- This site is optimized with the Yoast SEO plugin v27.5 - https:\/\/yoast.com\/product\/yoast-seo-wordpress\/ -->\n<title><\/title>\n<meta name=\"description\" content=\"{:es}Hotel en Arequipa lugares a visitiar Santa Catalina, puente de fierro,ca\u00f1o del colca, museos, bibliotecas, barrios tradicionales{:}\" \/>\n<meta name=\"robots\" content=\"index, follow, max-snippet:-1, max-image-preview:large, max-video-preview:-1\" \/>\n<link rel=\"canonical\" href=\"https:\/\/www.alwahotel.com\/destino-standard\/\" \/>\n<meta property=\"og:locale\" content=\"fr_FR\" \/>\n<meta property=\"og:type\" content=\"article\" \/>\n<meta property=\"og:title\" content=\"[:es]Hotel en Arequipa lugares a visitiar Santa Catalina, puente de fierro,ca\u00f1o del colca, museos, bibliotecas, barrios tradicionales[:]\" \/>\n<meta property=\"og:description\" content=\"{:es}Hotel en Arequipa lugares a visitiar Santa Catalina, puente de fierro,ca\u00f1o del colca, museos, bibliotecas, barrios tradicionales{:}\" \/>\n<meta property=\"og:url\" content=\"https:\/\/www.alwahotel.com\/destino-standard\/\" \/>\n<meta property=\"og:site_name\" content=\"Hotel en Arequipa con la mejor vista a la campi\u00f1a. Disfruta de uno de los mejores hoteles de Arequipa Per\u00fa.\" \/>\n<meta property=\"article:publisher\" content=\"https:\/\/www.facebook.com\/alwahotel\/\" \/>\n<meta property=\"article:modified_time\" content=\"2019-02-14T05:11:48+00:00\" \/>\n<meta property=\"og:image\" content=\"https:\/\/www.alwahotel.com\/wp-content\/uploads\/2016\/01\/plazadearmas.jpg\" \/>\n<meta name=\"twitter:card\" content=\"summary_large_image\" \/>\n<meta name=\"twitter:label1\" content=\"Dur\u00e9e de lecture estim\u00e9e\" \/>\n\t<meta name=\"twitter:data1\" content=\"15 minutes\" \/>\n<script type=\"application\/ld+json\" class=\"yoast-schema-graph\">{\"@context\":\"https:\\\/\\\/schema.org\",\"@graph\":[{\"@type\":\"WebPage\",\"@id\":\"https:\\\/\\\/www.alwahotel.com\\\/destino-standard\\\/\",\"url\":\"https:\\\/\\\/www.alwahotel.com\\\/destino-standard\\\/\",\"name\":\"[:es]Hotel en Arequipa lugares a visitiar Santa Catalina, puente de fierro,ca\u00f1o del colca, museos, bibliotecas, barrios tradicionales[:]\",\"isPartOf\":{\"@id\":\"https:\\\/\\\/www.alwahotel.com\\\/#website\"},\"primaryImageOfPage\":{\"@id\":\"https:\\\/\\\/www.alwahotel.com\\\/destino-standard\\\/#primaryimage\"},\"image\":{\"@id\":\"https:\\\/\\\/www.alwahotel.com\\\/destino-standard\\\/#primaryimage\"},\"thumbnailUrl\":\"https:\\\/\\\/www.alwahotel.com\\\/wp-content\\\/uploads\\\/2016\\\/01\\\/plazadearmas.jpg\",\"datePublished\":\"2019-02-12T17:06:38+00:00\",\"dateModified\":\"2019-02-14T05:11:48+00:00\",\"description\":\"{:es}Hotel en Arequipa lugares a visitiar Santa Catalina, puente de fierro,ca\u00f1o del colca, museos, bibliotecas, barrios tradicionales{:}\",\"breadcrumb\":{\"@id\":\"https:\\\/\\\/www.alwahotel.com\\\/destino-standard\\\/#breadcrumb\"},\"inLanguage\":\"fr-FR\",\"potentialAction\":[{\"@type\":\"ReadAction\",\"target\":[\"https:\\\/\\\/www.alwahotel.com\\\/destino-standard\\\/\"]}]},{\"@type\":\"ImageObject\",\"inLanguage\":\"fr-FR\",\"@id\":\"https:\\\/\\\/www.alwahotel.com\\\/destino-standard\\\/#primaryimage\",\"url\":\"https:\\\/\\\/www.alwahotel.com\\\/wp-content\\\/uploads\\\/2016\\\/01\\\/plazadearmas.jpg\",\"contentUrl\":\"https:\\\/\\\/www.alwahotel.com\\\/wp-content\\\/uploads\\\/2016\\\/01\\\/plazadearmas.jpg\"},{\"@type\":\"BreadcrumbList\",\"@id\":\"https:\\\/\\\/www.alwahotel.com\\\/destino-standard\\\/#breadcrumb\",\"itemListElement\":[{\"@type\":\"ListItem\",\"position\":1,\"name\":\"Portada\",\"item\":\"https:\\\/\\\/www.alwahotel.com\\\/en\\\/\"},{\"@type\":\"ListItem\",\"position\":2,\"name\":\"Destino Standard\"}]},{\"@type\":\"WebSite\",\"@id\":\"https:\\\/\\\/www.alwahotel.com\\\/#website\",\"url\":\"https:\\\/\\\/www.alwahotel.com\\\/\",\"name\":\"Hotel en Arequipa con la mejor vista a la campi\u00f1a. Disfruta de uno de los mejores hoteles de Arequipa Per\u00fa.\",\"description\":\"Alwa\",\"publisher\":{\"@id\":\"https:\\\/\\\/www.alwahotel.com\\\/#organization\"},\"potentialAction\":[{\"@type\":\"SearchAction\",\"target\":{\"@type\":\"EntryPoint\",\"urlTemplate\":\"https:\\\/\\\/www.alwahotel.com\\\/?s={search_term_string}\"},\"query-input\":{\"@type\":\"PropertyValueSpecification\",\"valueRequired\":true,\"valueName\":\"search_term_string\"}}],\"inLanguage\":\"fr-FR\"},{\"@type\":\"Organization\",\"@id\":\"https:\\\/\\\/www.alwahotel.com\\\/#organization\",\"name\":\"alwa hotel - hotel en Arequipa Per\u00fa\",\"url\":\"https:\\\/\\\/www.alwahotel.com\\\/\",\"logo\":{\"@type\":\"ImageObject\",\"inLanguage\":\"fr-FR\",\"@id\":\"https:\\\/\\\/www.alwahotel.com\\\/#\\\/schema\\\/logo\\\/image\\\/\",\"url\":\"https:\\\/\\\/www.alwahotel.com\\\/wp-content\\\/uploads\\\/2017\\\/11\\\/logoAlwa.jpg\",\"contentUrl\":\"https:\\\/\\\/www.alwahotel.com\\\/wp-content\\\/uploads\\\/2017\\\/11\\\/logoAlwa.jpg\",\"width\":302,\"height\":154,\"caption\":\"alwa hotel - hotel en Arequipa Per\u00fa\"},\"image\":{\"@id\":\"https:\\\/\\\/www.alwahotel.com\\\/#\\\/schema\\\/logo\\\/image\\\/\"},\"sameAs\":[\"https:\\\/\\\/www.facebook.com\\\/alwahotel\\\/\"]}]}<\/script>\n<!-- \/ Yoast SEO plugin. -->","yoast_head_json":{"title":"[:es]Hotel en Arequipa lugares a visitiar Santa Catalina, puente de fierro,ca\u00f1o del colca, museos, bibliotecas, barrios tradicionales[:]","description":"{:es}Hotel en Arequipa lugares a visitiar Santa Catalina, puente de fierro,ca\u00f1o del colca, museos, bibliotecas, barrios tradicionales{:}","robots":{"index":"index","follow":"follow","max-snippet":"max-snippet:-1","max-image-preview":"max-image-preview:large","max-video-preview":"max-video-preview:-1"},"canonical":"https:\/\/www.alwahotel.com\/destino-standard\/","og_locale":"fr_FR","og_type":"article","og_title":"[:es]Hotel en Arequipa lugares a visitiar Santa Catalina, puente de fierro,ca\u00f1o del colca, museos, bibliotecas, barrios tradicionales[:]","og_description":"{:es}Hotel en Arequipa lugares a visitiar Santa Catalina, puente de fierro,ca\u00f1o del colca, museos, bibliotecas, barrios tradicionales{:}","og_url":"https:\/\/www.alwahotel.com\/destino-standard\/","og_site_name":"Hotel en Arequipa con la mejor vista a la campi\u00f1a. Disfruta de uno de los mejores hoteles de Arequipa Per\u00fa.","article_publisher":"https:\/\/www.facebook.com\/alwahotel\/","article_modified_time":"2019-02-14T05:11:48+00:00","og_image":[{"url":"https:\/\/www.alwahotel.com\/wp-content\/uploads\/2016\/01\/plazadearmas.jpg","type":"","width":"","height":""}],"twitter_card":"summary_large_image","twitter_misc":{"Dur\u00e9e de lecture estim\u00e9e":"15 minutes"},"schema":{"@context":"https:\/\/schema.org","@graph":[{"@type":"WebPage","@id":"https:\/\/www.alwahotel.com\/destino-standard\/","url":"https:\/\/www.alwahotel.com\/destino-standard\/","name":"[:es]Hotel en Arequipa lugares a visitiar Santa Catalina, puente de fierro,ca\u00f1o del colca, museos, bibliotecas, barrios tradicionales[:]","isPartOf":{"@id":"https:\/\/www.alwahotel.com\/#website"},"primaryImageOfPage":{"@id":"https:\/\/www.alwahotel.com\/destino-standard\/#primaryimage"},"image":{"@id":"https:\/\/www.alwahotel.com\/destino-standard\/#primaryimage"},"thumbnailUrl":"https:\/\/www.alwahotel.com\/wp-content\/uploads\/2016\/01\/plazadearmas.jpg","datePublished":"2019-02-12T17:06:38+00:00","dateModified":"2019-02-14T05:11:48+00:00","description":"{:es}Hotel en Arequipa lugares a visitiar Santa Catalina, puente de fierro,ca\u00f1o del colca, museos, bibliotecas, barrios tradicionales{:}","breadcrumb":{"@id":"https:\/\/www.alwahotel.com\/destino-standard\/#breadcrumb"},"inLanguage":"fr-FR","potentialAction":[{"@type":"ReadAction","target":["https:\/\/www.alwahotel.com\/destino-standard\/"]}]},{"@type":"ImageObject","inLanguage":"fr-FR","@id":"https:\/\/www.alwahotel.com\/destino-standard\/#primaryimage","url":"https:\/\/www.alwahotel.com\/wp-content\/uploads\/2016\/01\/plazadearmas.jpg","contentUrl":"https:\/\/www.alwahotel.com\/wp-content\/uploads\/2016\/01\/plazadearmas.jpg"},{"@type":"BreadcrumbList","@id":"https:\/\/www.alwahotel.com\/destino-standard\/#breadcrumb","itemListElement":[{"@type":"ListItem","position":1,"name":"Portada","item":"https:\/\/www.alwahotel.com\/en\/"},{"@type":"ListItem","position":2,"name":"Destino Standard"}]},{"@type":"WebSite","@id":"https:\/\/www.alwahotel.com\/#website","url":"https:\/\/www.alwahotel.com\/","name":"Hotel en Arequipa con la mejor vista a la campi\u00f1a. Disfruta de uno de los mejores hoteles de Arequipa Per\u00fa.","description":"Alwa","publisher":{"@id":"https:\/\/www.alwahotel.com\/#organization"},"potentialAction":[{"@type":"SearchAction","target":{"@type":"EntryPoint","urlTemplate":"https:\/\/www.alwahotel.com\/?s={search_term_string}"},"query-input":{"@type":"PropertyValueSpecification","valueRequired":true,"valueName":"search_term_string"}}],"inLanguage":"fr-FR"},{"@type":"Organization","@id":"https:\/\/www.alwahotel.com\/#organization","name":"alwa hotel - hotel en Arequipa Per\u00fa","url":"https:\/\/www.alwahotel.com\/","logo":{"@type":"ImageObject","inLanguage":"fr-FR","@id":"https:\/\/www.alwahotel.com\/#\/schema\/logo\/image\/","url":"https:\/\/www.alwahotel.com\/wp-content\/uploads\/2017\/11\/logoAlwa.jpg","contentUrl":"https:\/\/www.alwahotel.com\/wp-content\/uploads\/2017\/11\/logoAlwa.jpg","width":302,"height":154,"caption":"alwa hotel - hotel en Arequipa Per\u00fa"},"image":{"@id":"https:\/\/www.alwahotel.com\/#\/schema\/logo\/image\/"},"sameAs":["https:\/\/www.facebook.com\/alwahotel\/"]}]}},"_links":{"self":[{"href":"https:\/\/www.alwahotel.com\/fr\/wp-json\/wp\/v2\/pages\/2910","targetHints":{"allow":["GET"]}}],"collection":[{"href":"https:\/\/www.alwahotel.com\/fr\/wp-json\/wp\/v2\/pages"}],"about":[{"href":"https:\/\/www.alwahotel.com\/fr\/wp-json\/wp\/v2\/types\/page"}],"author":[{"embeddable":true,"href":"https:\/\/www.alwahotel.com\/fr\/wp-json\/wp\/v2\/users\/1"}],"replies":[{"embeddable":true,"href":"https:\/\/www.alwahotel.com\/fr\/wp-json\/wp\/v2\/comments?post=2910"}],"version-history":[{"count":1,"href":"https:\/\/www.alwahotel.com\/fr\/wp-json\/wp\/v2\/pages\/2910\/revisions"}],"predecessor-version":[{"id":2911,"href":"https:\/\/www.alwahotel.com\/fr\/wp-json\/wp\/v2\/pages\/2910\/revisions\/2911"}],"wp:attachment":[{"href":"https:\/\/www.alwahotel.com\/fr\/wp-json\/wp\/v2\/media?parent=2910"}],"curies":[{"name":"wp","href":"https:\/\/api.w.org\/{rel}","templated":true}]}}